	
	
	
	
{"id":12877,"date":"2025-01-14T16:37:36","date_gmt":"2025-01-14T15:37:36","guid":{"rendered":"https:\/\/www.grintoura.fr\/?post_type=listing&#038;p=12877"},"modified":"2025-01-14T16:37:36","modified_gmt":"2025-01-14T15:37:36","slug":"haras-national-duzes","status":"publish","type":"listing","link":"https:\/\/www.grintoura.fr\/en\/hebergement\/occitanie\/sports-nature-decouverte-du-pays\/haras-national-duzes\/","title":{"rendered":"Haras national d\u2019Uz\u00e8s"},"content":{"rendered":"<p>Le Haras national d\u2019Uz\u00e8s, est un haras assez r\u00e9cent dans l\u2019histoire de ces institutions. Il fut construit en 1972 seulement.<\/p>\n<p>Il a vu le jour suite \u00e0 la suppression de deux d\u00e9p\u00f4ts d\u2019\u00e9talons, celui d\u2019Arles (cr\u00e9\u00e9 en 1859) ainsi que celui de Perpignan (cr\u00e9\u00e9 en 1927). Cette implantation a facilit\u00e9\u00a0la gestion de l\u2019\u00e9levage du Midi-m\u00e9diterran\u00e9en qui incombait\u00a0jusqu\u2019alors aux Haras d\u2019Annecy, Rodez et Tarbes.<\/p>\n<p>Le Haras national d\u2019Uz\u00e8s abrite aujourd\u2019hui le si\u00e8ge de la\u00a0d\u00e9l\u00e9gation territoriale Arc m\u00e9diterran\u00e9en\u00a0de l\u2019IFCE, qui rayonne sur les R\u00e9gions Occitanie, PACA et Corse. Ses agents y exercent des missions d\u2019accompagnement de la fili\u00e8re \u00e9quine territoriale et assistent les collectivit\u00e9s dans leurs projets en lien avec le cheval. Le site dispose d\u2019un centre de ressources sur la discipline de l\u2019attelage avec notamment un centre de formation professionnelle.<\/p>\n<p>D\u2019une superficie de 16 hectares, le Haras national d\u2019Uz\u00e8s poss\u00e8de de forts atouts structurels : un\u00a0plateau technique\u00a0de qualit\u00e9 permettant de mettre en \u0153uvre des protocoles de recherche et de d\u00e9veloppement\u00a0; des infrastructures sportives qui lui permettent de recevoir des comp\u00e9titions tout au long de l\u2019ann\u00e9e, ainsi qu\u2019une forge, deux \u00e9curies comptant plus de 70 boxes, des carri\u00e8res et un man\u00e8ge couvert. Le site h\u00e9berge \u00e9galement une demeure du 19e\u00a0si\u00e8cle, le Mas des tailles, d\u00e9sormais d\u00e9di\u00e9e \u00e0 l\u2019accueil d\u2019\u00e9v\u00e9nements festifs par son g\u00e9rant priv\u00e9.<\/p>","protected":false},"author":499,"featured_media":12874,"comment_status":"open","ping_status":"closed","template":"","meta":[],"listing_category":[164],"event_category":[],"service_category":[],"rental_category":[],"classifieds_category":[],"listing_feature":[],"region":[126],"_links":{"self":[{"href":"https:\/\/www.grintoura.fr\/en\/wp-json\/wp\/v2\/listing\/12877"}],"collection":[{"href":"https:\/\/www.grintoura.fr\/en\/wp-json\/wp\/v2\/listing"}],"about":[{"href":"https:\/\/www.grintoura.fr\/en\/wp-json\/wp\/v2\/types\/listing"}],"author":[{"embeddable":true,"href":"https:\/\/www.grintoura.fr\/en\/wp-json\/wp\/v2\/users\/499"}],"replies":[{"embeddable":true,"href":"https:\/\/www.grintoura.fr\/en\/wp-json\/wp\/v2\/comments?post=12877"}],"wp:featuredmedia":[{"embeddable":true,"href":"https:\/\/www.grintoura.fr\/en\/wp-json\/wp\/v2\/media\/12874"}],"wp:attachment":[{"href":"https:\/\/www.grintoura.fr\/en\/wp-json\/wp\/v2\/media?parent=12877"}],"wp:term":[{"taxonomy":"listing_category","embeddable":true,"href":"https:\/\/www.grintoura.fr\/en\/wp-json\/wp\/v2\/listing_category?post=12877"},{"taxonomy":"event_category","embeddable":true,"href":"https:\/\/www.grintoura.fr\/en\/wp-json\/wp\/v2\/event_category?post=12877"},{"taxonomy":"service_category","embeddable":true,"href":"https:\/\/www.grintoura.fr\/en\/wp-json\/wp\/v2\/service_category?post=12877"},{"taxonomy":"rental_category","embeddable":true,"href":"https:\/\/www.grintoura.fr\/en\/wp-json\/wp\/v2\/rental_category?post=12877"},{"taxonomy":"classifieds_category","embeddable":true,"href":"https:\/\/www.grintoura.fr\/en\/wp-json\/wp\/v2\/classifieds_category?post=12877"},{"taxonomy":"listing_feature","embeddable":true,"href":"https:\/\/www.grintoura.fr\/en\/wp-json\/wp\/v2\/listing_feature?post=12877"},{"taxonomy":"region","embeddable":true,"href":"https:\/\/www.grintoura.fr\/en\/wp-json\/wp\/v2\/region?post=12877"}],"curies":[{"name":"wp","href":"https:\/\/api.w.org\/{rel}","templated":true}]}}