	
	
	
	
{"id":12580,"date":"2025-01-07T22:47:13","date_gmt":"2025-01-07T21:47:13","guid":{"rendered":"https:\/\/www.grintoura.fr\/?post_type=listing&#038;p=12580"},"modified":"2025-01-07T22:47:13","modified_gmt":"2025-01-07T21:47:13","slug":"roc-ecrins-sejours-montagne","status":"publish","type":"listing","link":"https:\/\/www.grintoura.fr\/en\/hebergement\/auvergne-rhone-alpes\/sports-nature-decouverte-du-pays\/roc-ecrins-sejours-montagne\/","title":{"rendered":"Roc-Ecrins \u2013 S\u00e9jours montagne"},"content":{"rendered":"<p><strong>ROC-ECRINS<\/strong><\/p>\n<p>6 rue du Chlorate &#8211; Zone Les Sablonni\u00e8res, 05 120 L&rsquo;ARGENTI\u00c8RE-LA BESS\u00c9E<br \/>\n04 84 13 14 08<br \/>\nroc.ecrins@gmail.com<br \/>\nHORAIRES \u00a0:<br \/>\nLundi 09:00\u201312:00, 13:30\u201317:30<br \/>\nMardi 09:00\u201312:00, 13:30\u201317:30<br \/>\nMercredi 09:00\u201312:00, 13:30\u201317:30<br \/>\nJeudi 09:00\u201312:00, 13:30\u201317:30<br \/>\nVendredi 09:00\u201312:00, 13:30\u201317:30<br \/>\nSamedi 09:00\u201312:00, 13:30\u201317:30<br \/>\nDimanche\u00a0: Nous vous accueillons pour le d\u00e9part des stages mais le secr\u00e9tariat est ferm\u00e9<\/p>\n<p>&nbsp;<\/p>\n<p><strong>PARTIR AVEC ROC \u00c9CRINS<\/strong><br \/>\nNos formules\u00a0: soyez tranquilles&#8230;.<br \/>\nNos stages se d\u00e9roulent sur des p\u00e9riodes allant de 2 \u00e0 10 jours. Ils vous sont tous propos\u00e9s en formule tout compris c\u2019est-\u00e0-dire incluant l\u2019encadrement, l\u2019h\u00e9bergement en demi-pension ou pension compl\u00e8te, les remont\u00e9es m\u00e9caniques si n\u00e9cessaire et le mat\u00e9riel collectif de progression.<\/p>\n<p>Des options vous sont propos\u00e9es, notamment la location du mat\u00e9riel technique personnel et des nuit\u00e9es suppl\u00e9mentaires, si vous souhaitez arriver la veille de votre stage ou profiter d\u2019une soir\u00e9e suppl\u00e9mentaire \u00e0 la montagne.<\/p>\n<p>Parmi les options figurent aussi les assurances (assistance et annulation). L\u2019assurance annulation n\u2019est pas obligatoire, elle vous garantit un remboursement (total ou partiel) en cas d\u2019annulation de votre s\u00e9jour (pour motif valable et selon un calendrier pr\u00e9cis. Voir le d\u00e9tail dans nos Conditions de Vente).<br \/>\nL\u2019assurance assistance est elle obligatoire. Vous pouvez soit nous transmettre les coordonn\u00e9es de votre assurance personnelle &#8211; il vous appartient dans ce cas de v\u00e9rifier qu\u2019elle couvre bien les activit\u00e9s du s\u00e9jour concern\u00e9 &#8211; soit souscrire \u00e0 l\u2019assurance de notre partenaire Europ Assistance (voir fiche d\u2019inscription).<\/p>\n<p>Quel stage est le plus adapt\u00e9 pour moi\u00a0?<br \/>\nQuelle que soit l\u2019activit\u00e9 pratiqu\u00e9e, chaque stage suppose des comp\u00e9tences techniques et des aptitudes physiques, notamment d\u2019endurance.<br \/>\nNos stages se r\u00e9partissent en trois cat\u00e9gories\u00a0:<\/p>\n<p>Evolution\u00a0: vous \u00eates d\u00e9butant dans une activit\u00e9, vous souhaitez acqu\u00e9rir les techniques de base, vous initier en douceur.<br \/>\nConfirm\u00e9\u00a0: vous pratiquez ou avez d\u00e9j\u00e0 pratiqu\u00e9, vous souhaitez vous perfectionner, aller plus loin dans votre pratique.<br \/>\nExpert\u00a0: vous \u00eates un pratiquant confirm\u00e9 et d\u00e9sirez mettre en pratique vos savoir-faire sur des courses\/ascensions\/voies plus engag\u00e9es et plus exigeantes physiquement et techniquement.<br \/>\nPour profiter pleinement des activit\u00e9s de montagne, le ma\u00eetre mot est la progression. Inutile de s\u2019engager sur une sortie trop difficile\u00a0; vous n\u2019en tireriez aucun plaisir et aucun enseignement. Si vous avez un doute, nous sommes l\u00e0 pour vous aider dans votre choix.<\/p>\n<p>Pour tous ces sports de montagne, la meilleure pr\u00e9paration est la pratique d\u2019un sport d\u2019endurance.<br \/>\nL\u2019endurance est un type d\u2019exercice physique de longue dur\u00e9e et d\u2019intensit\u00e9 mod\u00e9r\u00e9e (pouvant \u00eatre maintenu de fa\u00e7on prolong\u00e9e) mais suffisante pour augmenter la fr\u00e9quence cardiaque et la d\u00e9pense \u00e9nerg\u00e9tique sans toutefois s\u2019accompagner d\u2019essoufflement. C\u2019est la capacit\u00e9 du syst\u00e8me cardio-respiratoire \u00e0 maintenir un effort prolong\u00e9. Par exemple, courir pendant 30 \u00e0 45 min, faire du v\u00e9lo, nager ou encore marcher \u00e0 haute cadence et ce, au moins 2 \u00e0 3 fois par semaine.<\/p>\n<p>Certificat m\u00e9dical\u00a0?<br \/>\nNous ne demandons pas de certificat m\u00e9dical attestant de votre capacit\u00e9 \u00e0 pratiquer l\u2019activit\u00e9 pour laquelle vous vous \u00eates inscrit. En signant votre fiche d\u2019inscription, vous reconnaissez avoir pris connaissance des recommandations y aff\u00e9rant et y r\u00e9pondre en tous points. Si toutefois vous n\u2019\u00eates pas un sportif aguerri ou si vous pratiquez une activit\u00e9 physique faisant plus appel \u00e0 la r\u00e9sistance qu\u2019\u00e0 l\u2019endurance (musculation en particulier), nous vous conseillons d\u2019\u00e9ventuellement faire un bilan m\u00e9dical afin de v\u00e9rifier qu\u2019il n\u2019y a pas de contre-indication \u00e0 la pratique de l\u2019activit\u00e9.<\/p>\n<p>Avertissement particulier Ascension du Mont-blanc<br \/>\nPour de nombreuses personnes, conqu\u00e9rir le toit des Alpes est un r\u00eave. Attention toutefois, si l\u2019ascension ne pr\u00e9sente pas de difficult\u00e9s techniques majeures, elle est tr\u00e8s exigeante physiquement. Rappelons qu\u2019au-del\u00e0 de 3000 m\u00e8tres d\u2019altitude, les efforts ne sont plus les m\u00eames. Aussi, nous vous conseillons d\u2019envisager au pr\u00e9alable une sortie pr\u00e9paratoire, dans les Ecrins par exemple ou dans les Alpes italiennes pour vous familiariser avec l\u2019environnement de haute Montagne. Ceci vous permettra de faire le point sur votre condition physique et votre aptitude \u00e0 un effort prolong\u00e9 \u00e0 haute altitude. Une fa\u00e7on aussi de mettre toutes les chances de votre c\u00f4t\u00e9 lors de l\u2019ascension du Mont-Blanc.<\/p>\n<p>En collective ou en priv\u00e9\u00a0?<br \/>\nLe principe de nos stages est \u00ab\u00a0En collective\u00a0\u00bb\u00a0: vous vous inscrivez seul ou \u00e0 plusieurs \u00e0 l\u2019un de nos stages et partagez votre aventure avec d\u2019autres compagnons de cord\u00e9e de votre niveau. Si vous vous inscrivez \u00e0 plusieurs, vous vous garantissons le d\u00e9part d\u00e8s le nombre minimal de participants requis inscrits.<\/p>\n<p>Si vous d\u00e9sirez \u00e9voluer seul ou au sein d\u2019un groupe constitu\u00e9, vous pouvez aussi opter pour une autre formule, l\u2019Engagement Priv\u00e9 d\u2019un guide en Alpinisme ou d\u2019un accompagnateur en montagne. Cela vous donne la possibilit\u00e9 de choisir la date, le sommet, le lieu et vos compagnons de cord\u00e9e. Vos chances de r\u00e9ussite d\u2019ascension seront optimis\u00e9es puisque vous serez seul avec votre guide ou avec les personnes de votre choix que vous savez capables de r\u00e9aliser le m\u00eame objectif que vous .<br \/>\nChaque course, s\u00e9jour ou stage d\u2019escalade poss\u00e8de un tarif particulier (qui ne comprend que l\u2019encadrement) ainsi qu\u2019un nombre de participants maximum.<br \/>\nNous pouvons vous conseiller quant au choix des courses, nous pouvons aussi, si vous le souhaitez, vous faire un devis en tout compris comprenant l\u2019h\u00e9bergement, les repas, la location du mat\u00e9riel technique suivant l\u2019activit\u00e9 choisie.<\/p>\n<p>&nbsp;<\/p>\n<p>&nbsp;<\/p>\n<p><strong>ROC \u00c9CRINS\u00a0: L\u2019\u00c9QUIPE<\/strong><br \/>\n<em>G\u00e9n\u00e8se&#8230;<\/em><br \/>\nVoyageur au long cours, Fr\u00e9d\u00e9ric Jullien, Fr\u00e9do pour les copains, d\u00e9cide de poser ses valises dans les Hautes-Alpes il y a une quinzaine d\u2019ann\u00e9es. Il y fonde, avec sa compagne Emilie, sa famille et y exerce son m\u00e9tier de guide. En 2013, tout deux fondent ROC \u00c9CRINS\u00a0afin de faire\u00a0partager leur exp\u00e9rience du voyage d\u2019exploration.<br \/>\nIls s\u2019entourent d\u2019une \u00e9quipe de professionnels du \u00ab\u00a0grand large\u00a0\u00bb s\u00e9rieux, passionn\u00e9s et sympas. Ensemble, ils s\u2019attachent \u00e0 concocter des voyages en altitude, \u00e0 la verticale, ou vers des horizons heureux . L\u2019id\u00e9e\u00a0: construire des relations privil\u00e9gi\u00e9es pour des voyages r\u00e9ussis, pas forc\u00e9ment plus haut ou plus loin, mais mieux. Guider votre curiosit\u00e9 et exister ensemble au milieu du paysage pour donner de l\u2019espace \u00e0 vos r\u00eaves&#8230;<\/p>\n<p><em>Notre cr\u00e9do<\/em><br \/>\nCet ancrage dans les Hautes-alpes, notre connaissance de la r\u00e9gion nous ont permis de cr\u00e9er des s\u00e9jours de tous niveaux pour vous faire d\u00e9couvrir le meilleur du massif des Ecrins et de ses vall\u00e9es h\u00e9riss\u00e9es de falaises et de rocs \u00e9tonnants.<br \/>\nNotre expertise dans d\u2019autres massifs alpins nous permet de vous proposer un catalogue complet de s\u00e9jours \u00e0 travers toutes les Alpes.<\/p>\n<p>Tous nos\u00a0encadrants sont des professionnels dipl\u00f4m\u00e9s d\u2019\u00e9tat. Vous serez encord\u00e9s avec un guide de haute montagne dipl\u00f4m\u00e9 d\u2019Etat pour l\u2019alpinisme, la cascade de glace, l\u2019escalade en grandes voies. En troquant sa corde pour un sac air-bag vous le suivrez sur les itin\u00e9raires secrets de ski free ride et de ski de randonn\u00e9e. Les accompagnateurs en montagne quant \u00e0 eux vous emm\u00e8neront sur les plus beaux sentiers, \u00e0 la d\u00e9couverte de la montagne telle que vous ne l\u2019avez jamais vue, \u00e0 l\u2019aff\u00fbt de son infinie richesse.<\/p>\n<p><em>Nos valeurs<\/em><br \/>\nR\u00e9mun\u00e9rer les encadrants sur la base des tarifs syndicaux<br \/>\nLimiter au maximum notre impact sur l\u2019environnement dans lequel nous \u00e9voluons\u00a0; nous travaillons dans la mesure du possible avec des \u00e9co-gites, nous favorisons le co-voiturage ou le train pour faire venir nos participants et pour vous transporter lors des s\u00e9jours.<br \/>\nPermettre au plus grand nombre de profiter des joies qu\u2019offre le milieu montagnard. Nous nous adaptons aux bourses de chacun notamment pour l\u2019organisation des classes de d\u00e9couvertes aupr\u00e8s des scolaires, des centres de loisirs<br \/>\nNous privil\u00e9gions des partenariats avec des marques dont les produits, par leur composants et leur mode de fabrication, ont un impact mod\u00e9r\u00e9 sur l\u2019environnement.<br \/>\nNos locaux \u00e0 l\u2019Argenti\u00e8re-La Bess\u00e9e seront votre camp de base\u00a0:\u00a0accueil, \u00e9quipement, confort et r\u00e9confort vous y attendent.<\/p>\n<p>&nbsp;<\/p>\n<p>&nbsp;<\/p>\n<p><strong>NOS PARTENAIRES<\/strong><br \/>\nVoici les partenaires avec qui ROC \u00c9CRINS a choisi de s\u2019associer. Ils font partie de l\u2019ADN de notre structure. Notre relation privil\u00e9gi\u00e9e cautionne r\u00e9ciproquement nos activit\u00e9s respectives.<br \/>\nCertains portent des valeurs et repr\u00e9sentent des entit\u00e9s institutionnelles avec qui nous travaillons pour d\u00e9velopper un tourisme responsable respectueux de l\u2019environnement au sens large.<br \/>\nNous sommes fiers de pouvoir vous proposer quelques s\u00e9jours ROC \u00c9CRINS respectant la charte du Parc National des Ecrins et celle du Parc Naturel du Queyras. Nous travaillons avec tous les acteurs composant nos voyages pour que tous nos s\u00e9jours soient labellis\u00e9s.<br \/>\nDans le Queyras<br \/>\nDans les Ecrins<\/p>\n<p>D\u2019autres proposent du mat\u00e9riel technique utile pour notre s\u00e9curit\u00e9 et notre progression en alpinisme, escalade, ski, canyon&#8230; Notre choix s\u2019est port\u00e9 tout d\u2019abord sur la qualit\u00e9 des produits fabriqu\u00e9s par ces marques. Puis la mani\u00e8re de produire les articles, les mati\u00e8res utilis\u00e9es et les lieux de production. L\u2019\u00e9tat d\u2019esprit de ces entreprises et le feeling que nous entretenons avec les dirigeants sont d\u00e9terminants dans la qualit\u00e9 des partenariats.<\/p>\n<p><a href=\"https:\/\/www.hardloop.fr\" target=\"_blank\" rel=\"noopener\"><strong>HARDLOOP\u00a0<\/strong><\/a><br \/>\nPartenaire \u00e9quipement de Roc Ecrins, chez Hardloop, on croit que la vie prend tout son sens lorsque l\u2019on est en plein air. Que ce soit en randonn\u00e9e en famille, en d\u00e9valant les pistes de ski avec des amis, ou en partageant des moments de convivialit\u00e9 autour d\u2019un feu de bivouac, ces exp\u00e9riences sont essentielles \u00e0 notre \u00e9quilibre.<br \/>\nPassionn\u00e9s par la d\u00e9couverte de nouveaux endroits, de nouvelles rencontres, Hardloop s\u2019attache \u00e0 partager son amour pour l\u2019\u00e9quipement de qualit\u00e9 et son engouement pour les sentiers escarp\u00e9s avec le plus grand nombre.<br \/>\nDepuis 2015, la marque s\u2019engage \u00e0 aider aussi bien les d\u00e9butants que les athl\u00e8tes chevronn\u00e9s \u00e0 trouver le meilleur \u00e9quipement pour leurs aventures avec, pour objectif ultime de devenir votre point de d\u00e9part pour toutes vos escapades.<\/p>\n<p><a href=\"https:\/\/www.camp.it\/m\/fr\/fr\/corporate\" target=\"_blank\" rel=\"noopener\"><strong>C.A.M.P<\/strong><\/a><br \/>\nEntreprise leader dans le secteur des \u00e9quipements techniques pour l\u2019outdoor et les travaux en hauteur, l\u2019histoire de C.A.M.P (Construction d\u2019Articles de Montagne Premana) commence en 1889 dans un petit atelier \u00e0 Premana, dans les montagnes de Lecco, avec des travaux de fer forg\u00e9. Dans cet environnement alpin, l\u2019attention se porte bient\u00f4t sur la conqu\u00eate des c\u00eemes et en 1920 sont r\u00e9alis\u00e9s les premiers piolets pour le corps des troupes alpines.<br \/>\nDans les ann\u00e9es 30, le grand alpiniste Riccardo Cassin collabore avec CAMP pour d\u00e9velopper du mat\u00e9riel innovant de tr\u00e8s grande qualit\u00e9 qui l\u2019accompagne dans ses exploits dans les Alpes et ailleurs. Piolets, crampons, casques, harnais&#8230;le d\u00e9veloppement du mat\u00e9riel accompagne d\u00e8s lors l\u2019essor de l\u2019alpinisme et mieux, rend possible des ascensions r\u00e9put\u00e9es impossibles&#8230;En 1969 est ainsi con\u00e7u le premier piolet \u00e0 manche alu au monde.<\/p>\n<p>Histoire familiale, histoire de passionn\u00e9s, CAMP s\u2019attache depuis 130 ans \u00e0 \u00e9quiper les amoureux, professionnels ou amateurs, de la progression verticale. Alpinisme, escalade, ski&#8230;pour toutes les activit\u00e9s, concevoir et proposer un mat\u00e9riel de tr\u00e8s haute qualit\u00e9 qui garantisse plaisir, performance et s\u00e9curit\u00e9. ROC ECRINS a choisit de travailler en partenariat avec C.A.M.P pour \u00e9quiper les guides de l\u2019\u00e9quipe en piolets, casques, skis de rando, sacs \u00e0 dos&#8230;<\/p>\n<p>&nbsp;<\/p>\n<p><a href=\"https:\/\/www.ecrins-parcnational.fr\" target=\"_blank\" rel=\"noopener\"><strong>PARC NATIONAL DES \u00c9CRINS<\/strong><\/a><br \/>\nLa marque Esprit parc national<\/p>\n<p>\u00ab\u00a0Esprit parc national\u00a0\u00bb, dont fait partie ROC \u00c9CRINS est la marque collective des 10 parcs nationaux de France, elle est con\u00e7ue pour soutenir et valoriser les activit\u00e9s \u00e9conomiques touristiques qui s\u2019inscrivent dans le respect et la valorisation des patrimoines locaux.<\/p>\n<p>Elle est exclusivement attribu\u00e9e \u00e0 des produits ou des services issus d\u2019activit\u00e9s exerc\u00e9es dans les parcs nationaux. Elle valorise les hommes et les femmes qui, au sein des parcs nationaux, partagent avec vous leur passion pour leur territoire, les savoir-faire et la nature. L\u2019attribution de la marque atteste que ces produits et services s\u2019inscrivent dans un processus \u00e9cologique qui pr\u00e9serve la biodiversit\u00e9.<\/p>\n<p>Qu\u2019est-ce qu\u2019un parc national<\/p>\n<p>C\u2019est un territoire g\u00e9n\u00e9ralement vaste dont la richesse biologique, la qualit\u00e9 paysag\u00e8re, l\u2019int\u00e9r\u00eat culturel et le caract\u00e8re historiquement pr\u00e9serv\u00e9 justifient une protection et une gestion qui garantissent la p\u00e9rennit\u00e9 de ce patrimoine consid\u00e9r\u00e9 comme exceptionnel.<\/p>\n<p>&nbsp;<\/p>\n<p><a href=\"https:\/\/www.pnr-queyras.fr\" target=\"_blank\" rel=\"noopener\"><strong>PARC R\u00c9GIONAL DU QUEYRAS<\/strong><\/a><br \/>\nLa marque \u00ab\u00a0valeurs parc naturel r\u00e9gional\u00a0\u00bb, dont ROC \u00c9CRINS fait partie est une marque au service du d\u00e9veloppement durable des territoires. Cette marque vise \u00e0 valoriser les ressources naturelles et culturelles sp\u00e9cifiques \u00e0 un territoire. Elle a pour but de \u00ab\u00a0d\u00e9montrer un engagement d\u2019un producteur ou d\u2019un prestataire aux c\u00f4t\u00e9s d\u2019un Parc Naturel R\u00e9gional\u00a0\u00bb.<\/p>\n<p>les 5 missions d\u2019un parc r\u00e9gional<br \/>\nLes 54 Parcs naturels r\u00e9gionaux en France, ont comme enjeu principal, l\u2019harmonie entre l\u2019homme et la nature.<br \/>\nPr\u00e9server et valoriser les patrimoines naturels et culturels,<br \/>\nFavoriser le d\u00e9veloppement \u00e9conomique et la qualit\u00e9 du cadre de vie,<br \/>\nAm\u00e9nager le territoire,<br \/>\nInformer et sensibiliser habitants et visiteurs,<br \/>\nConduire des actions exp\u00e9rimentales ou innovantes<\/p>\n<p>&nbsp;<\/p>\n<p><a href=\"https:\/\/naturalpeak.fr\/fr\/\" target=\"_blank\" rel=\"noopener\"><strong>NATURAL PEAK<\/strong><\/a><br \/>\nDes v\u00eatements en fibre de bois, aussi techniques que confortables. Le tissu obtenu est aussi chaud que la laine et stretch. Il \u00e9vacue la vapeur d\u2019eau, ne conserve pas les odeurs, stoppe les UV et ne produit pas d\u2019\u00e9lectricit\u00e9 statique comme la plupart des v\u00eatements techniques en synth\u00e9tique.<br \/>\nRoc Ecrins soutient Emmanuel qui d\u00e9veloppe cette marque fran\u00e7aise qui produit des v\u00eatements biod\u00e9gradables et respectueux de l\u2019environnement.<\/p>\n<p>Je porte ces v\u00eatements en montagne, en vall\u00e9e et m\u00eame \u00e0 la maison tant ils sont confortables. UN BON CONSEIL ne les essayez pas, vous ne porteriez plus que \u00e7a\u00a0!!!!<br \/>\nFr\u00e9d\u00e9ric<\/p>\n<p>&nbsp;<\/p>\n<p>&nbsp;<\/p>","protected":false},"author":471,"featured_media":12578,"comment_status":"open","ping_status":"closed","template":"","meta":[],"listing_category":[164],"event_category":[],"service_category":[],"rental_category":[],"classifieds_category":[],"listing_feature":[],"region":[69],"_links":{"self":[{"href":"https:\/\/www.grintoura.fr\/en\/wp-json\/wp\/v2\/listing\/12580"}],"collection":[{"href":"https:\/\/www.grintoura.fr\/en\/wp-json\/wp\/v2\/listing"}],"about":[{"href":"https:\/\/www.grintoura.fr\/en\/wp-json\/wp\/v2\/types\/listing"}],"author":[{"embeddable":true,"href":"https:\/\/www.grintoura.fr\/en\/wp-json\/wp\/v2\/users\/471"}],"replies":[{"embeddable":true,"href":"https:\/\/www.grintoura.fr\/en\/wp-json\/wp\/v2\/comments?post=12580"}],"wp:featuredmedia":[{"embeddable":true,"href":"https:\/\/www.grintoura.fr\/en\/wp-json\/wp\/v2\/media\/12578"}],"wp:attachment":[{"href":"https:\/\/www.grintoura.fr\/en\/wp-json\/wp\/v2\/media?parent=12580"}],"wp:term":[{"taxonomy":"listing_category","embeddable":true,"href":"https:\/\/www.grintoura.fr\/en\/wp-json\/wp\/v2\/listing_category?post=12580"},{"taxonomy":"event_category","embeddable":true,"href":"https:\/\/www.grintoura.fr\/en\/wp-json\/wp\/v2\/event_category?post=12580"},{"taxonomy":"service_category","embeddable":true,"href":"https:\/\/www.grintoura.fr\/en\/wp-json\/wp\/v2\/service_category?post=12580"},{"taxonomy":"rental_category","embeddable":true,"href":"https:\/\/www.grintoura.fr\/en\/wp-json\/wp\/v2\/rental_category?post=12580"},{"taxonomy":"classifieds_category","embeddable":true,"href":"https:\/\/www.grintoura.fr\/en\/wp-json\/wp\/v2\/classifieds_category?post=12580"},{"taxonomy":"listing_feature","embeddable":true,"href":"https:\/\/www.grintoura.fr\/en\/wp-json\/wp\/v2\/listing_feature?post=12580"},{"taxonomy":"region","embeddable":true,"href":"https:\/\/www.grintoura.fr\/en\/wp-json\/wp\/v2\/region?post=12580"}],"curies":[{"name":"wp","href":"https:\/\/api.w.org\/{rel}","templated":true}]}}