	
	
	
	
{"id":12324,"date":"2025-01-06T11:42:26","date_gmt":"2025-01-06T10:42:26","guid":{"rendered":"https:\/\/www.grintoura.fr\/?post_type=listing&#038;p=12324"},"modified":"2025-01-06T11:42:26","modified_gmt":"2025-01-06T10:42:26","slug":"le-train-mont-blanc-express","status":"publish","type":"listing","link":"https:\/\/www.grintoura.fr\/en\/hebergement\/auvergne-rhone-alpes\/sports-nature-decouverte-du-pays\/le-train-mont-blanc-express\/","title":{"rendered":"Le train Mont-Blanc express"},"content":{"rendered":"<p><strong>Histoire du Mont-Blanc express<\/strong><\/p>\n<p><strong> 1890<\/strong><br \/>\nPour la premi\u00e8re fois, une demande de concession pour l\u2019\u00e9tablissement d\u2019une voie ferr\u00e9e reliant Vernayaz au Ch\u00e2telard, par Salvan et Finhaut, est d\u00e9pos\u00e9e aupr\u00e8s du D\u00e9partement f\u00e9d\u00e9ral des postes et chemins de fer. D\u2019autres demandes suivront, avec des trac\u00e9s alternatifs, notamment de Martigny au Ch\u00e2telard par le col de la Forclaz.<\/p>\n<p><strong>1901<\/strong><br \/>\nSuite \u00e0 une demande de 1899, les Chambres f\u00e9d\u00e9rales accordent une concession pour l\u2019exploitation d\u2019une voie ferr\u00e9e entre Martigny et Ch\u00e2telard, via Vernayaz, Salvan et Finhaut. La m\u00eame ann\u00e9e, la compagnie des chemins de fer de Paris \u00e0 Lyon et \u00e0 la M\u00e9diterran\u00e9e (PLM) ouvre, c\u00f4t\u00e9 fran\u00e7ais, le tron\u00e7on St-Gervais\/Le Fayet \u2013 Chamonix.<\/p>\n<p><strong>1902<\/strong><br \/>\nCharg\u00e9e de la concession, la Compagnie du chemin de fer de Martigny au Ch\u00e2telard (Ligne du Valais \u00e0 Chamonix) est constitu\u00e9e le 10 juin. Les premiers coups de pioche sur la ligne sont donn\u00e9s le 24 novembre.<\/p>\n<p><strong>1906<\/strong><br \/>\nLes travaux sont termin\u00e9s. La ligne est ouverte \u00e0 l\u2019exploitation le 20 ao\u00fbt. En \u00e9t\u00e9 de la m\u00eame ann\u00e9e, le deuxi\u00e8me tron\u00e7on c\u00f4t\u00e9 fran\u00e7ais est inaugur\u00e9 entre Chamonix et Argenti\u00e8re.<\/p>\n<p><strong>1908<\/strong><br \/>\nLa jonction est faite avec la ligne fran\u00e7aise, \u00e0 la suite de l\u2019inauguration, le 1er juillet, du dernier tron\u00e7on de 9,6 km entre Argenti\u00e8re-Vallorcine-Le Ch\u00e2telard-Fronti\u00e8re.<\/p>\n<p><strong>1935<\/strong><br \/>\nSuite \u00e0 la construction de galeries de protections contre les avalanches et \u00e0 l\u2019adaptation des voies, des quais, et du mat\u00e9riel ferroviaire (chasse-neige), la ligne est ouverte \u00e0 l\u2019exploitation en hiver.<\/p>\n<p><strong>1953<\/strong><br \/>\nLe t\u00e9l\u00e9si\u00e8ge de la Creusaz, aux Mar\u00e9cottes, est inaugur\u00e9. La compagnie a particip\u00e9 financi\u00e8rement et techniquement \u00e0 sa construction.<\/p>\n<p><strong>2000<\/strong><br \/>\nLa fusion des compagnies Martigny-Ch\u00e2telard et Martigny-Orsi\u00e8res donne naissance aux Transports de Martigny et R\u00e9gions SA.<\/p>","protected":false},"author":448,"featured_media":12319,"comment_status":"open","ping_status":"closed","template":"","meta":[],"listing_category":[164],"event_category":[],"service_category":[],"rental_category":[],"classifieds_category":[],"listing_feature":[],"region":[69],"_links":{"self":[{"href":"https:\/\/www.grintoura.fr\/en\/wp-json\/wp\/v2\/listing\/12324"}],"collection":[{"href":"https:\/\/www.grintoura.fr\/en\/wp-json\/wp\/v2\/listing"}],"about":[{"href":"https:\/\/www.grintoura.fr\/en\/wp-json\/wp\/v2\/types\/listing"}],"author":[{"embeddable":true,"href":"https:\/\/www.grintoura.fr\/en\/wp-json\/wp\/v2\/users\/448"}],"replies":[{"embeddable":true,"href":"https:\/\/www.grintoura.fr\/en\/wp-json\/wp\/v2\/comments?post=12324"}],"wp:featuredmedia":[{"embeddable":true,"href":"https:\/\/www.grintoura.fr\/en\/wp-json\/wp\/v2\/media\/12319"}],"wp:attachment":[{"href":"https:\/\/www.grintoura.fr\/en\/wp-json\/wp\/v2\/media?parent=12324"}],"wp:term":[{"taxonomy":"listing_category","embeddable":true,"href":"https:\/\/www.grintoura.fr\/en\/wp-json\/wp\/v2\/listing_category?post=12324"},{"taxonomy":"event_category","embeddable":true,"href":"https:\/\/www.grintoura.fr\/en\/wp-json\/wp\/v2\/event_category?post=12324"},{"taxonomy":"service_category","embeddable":true,"href":"https:\/\/www.grintoura.fr\/en\/wp-json\/wp\/v2\/service_category?post=12324"},{"taxonomy":"rental_category","embeddable":true,"href":"https:\/\/www.grintoura.fr\/en\/wp-json\/wp\/v2\/rental_category?post=12324"},{"taxonomy":"classifieds_category","embeddable":true,"href":"https:\/\/www.grintoura.fr\/en\/wp-json\/wp\/v2\/classifieds_category?post=12324"},{"taxonomy":"listing_feature","embeddable":true,"href":"https:\/\/www.grintoura.fr\/en\/wp-json\/wp\/v2\/listing_feature?post=12324"},{"taxonomy":"region","embeddable":true,"href":"https:\/\/www.grintoura.fr\/en\/wp-json\/wp\/v2\/region?post=12324"}],"curies":[{"name":"wp","href":"https:\/\/api.w.org\/{rel}","templated":true}]}}