	
	
	
	
{"id":12047,"date":"2024-12-02T07:24:22","date_gmt":"2024-12-02T06:24:22","guid":{"rendered":"https:\/\/www.grintoura.fr\/?post_type=listing&#038;p=12047"},"modified":"2024-12-05T07:20:58","modified_gmt":"2024-12-05T06:20:58","slug":"evolution-2","status":"publish","type":"listing","link":"https:\/\/www.grintoura.fr\/en\/hebergement\/auvergne-rhone-alpes\/sports-nature-decouverte-du-pays\/evolution-2\/","title":{"rendered":"Evolution 2"},"content":{"rendered":"<p><strong>Evolution 2 Tignes<\/strong><br \/>\nEvolution 2 Tignes est une \u00e9cole de ski et d\u2019activit\u00e9s outdoor. Nous proposons des cours collectifs, des cours priv\u00e9s, que ce soit en ski ou en snowboard, et une multitude d&rsquo;activit\u00e9s hors-ski. Toutes nos activit\u00e9s sont encadr\u00e9es par des moniteurs dipl\u00f4m\u00e9s. Nous favorisons l\u2019encadrement en petits groupes avec un moniteur sp\u00e9cialis\u00e9 dans chaque discipline.<\/p>\n<p>&nbsp;<\/p>\n<p><u>Activit\u00e9s durables:<\/u><\/p>\n<p>&nbsp;<\/p>\n<p><strong><strong>Raquettes \u00e0 neige<\/strong><\/strong>Laissez-vous tenter par l\u2019exp\u00e9rience raquettes \u00e0 neige<\/p>\n<p>Accordez-vous une pause nature. \u00c9loignez-vous du domaine skiable et partez vous balader dans la nature en raquettes \u00e0 neige accompagn\u00e9s d&rsquo;un professionnel de la montagne.<br \/>\nA la journ\u00e9e ou la demi-journ\u00e9e, nous vous proposons plusieurs sorties suivant votre niveau, vos envies, le temps dont vous disposez&#8230;<\/p>\n<p>La faune, la flore, l&rsquo;histoire locale&#8230;\u00a0D\u00e9couvrez avec nos professionnels passionn\u00e9s\u00a0le milieu dans lequel vous s\u00e9journez avec un angle nature et apaisant.<\/p>\n<p>Nous vous proposons un programme qui s&rsquo;adapte \u00e0 vos envies, votre niveau physique et aux conditions en montagne:\u00a0ITIN\u00c9RAIRES RAQUETTES<\/p>\n<p>&nbsp;<\/p>\n<p>NIVEAUX raquettes \u00e0 neige<\/p>\n<p>Pour vous aider \u00e0 choisir le niveau de votre sortie en raquettes, voici une classification qui tient compte du d\u00e9nivel\u00e9, de la distance et\u00a0du temps de marche. Cette classification est \u00e0 consid\u00e9rer \u00e0 titre indicatif sachant que les conditions de neige (poudreuse, portante&#8230;) au\u00a0moment de la sortie peuvent faciliter ou au contraire accentuer la difficult\u00e9 de la randonn\u00e9e. N&rsquo;h\u00e9sitez pas \u00e0 en discuter avec nos conseillers.<\/p>\n<p>&nbsp;<\/p>\n<ul>\n<li>\u27a1\ufe0f\u00a0Les balades de Niveau 1 \u2013 Facile \u2b50<\/li>\n<\/ul>\n<p>Vous avez envie de d\u00e9couvrir la raquette\u00a0et vous aimez marcher ? Cette balade est pour vous.<\/p>\n<p>Pour vous donner une id\u00e9e du type de parcours\u00a0:<\/p>\n<p>peu de d\u00e9nivel\u00e9 \/ 2km \u23f1 1h de marche<\/p>\n<p>sortie \u00e0 la demi-journ\u00e9e (3h) :<\/p>\n<p>Autour du hameau des Boisses<\/p>\n<ul>\n<li>\u27a1\ufe0f\u00a0Les balades de Niveau 2 \u2013 Un peu sportif \u2b50 \u2b50Vous aimez marcher et faire du sport? D\u00e9butant ou initi\u00e9, cette balade est pour vous.\n<p>Pour vous donner une id\u00e9e du type de parcours\u00a0:<\/p>\n<p>150 \u00e0 200m de d\u00e9nivel\u00e9 \/ 2 \u00e0 3 km \u23f1 1h de marche<\/p>\n<p>sorties \u00e0 la demi-journ\u00e9e (3h) :<\/p>\n<p>-Les alpages du Franchet<br \/>\n-Le Villaret des Br\u00e9vi\u00e8res<br \/>\n-Le Fornet<\/li>\n<li>\u27a1\ufe0f\u00a0Les balades de Niveau 3 \u2013 Assez sportif \u2b50 \u2b50 \u2b50<\/li>\n<\/ul>\n<p>Vous aimez faire du sport r\u00e9guli\u00e8rement et vous avez d\u00e9j\u00e0 fait de la raquette ? Durant ces balades vous aurez quelques<\/p>\n<p>mont\u00e9es soutenues. Cette balade est pour vous.<\/p>\n<p>Pour vous donner une id\u00e9e du type de parcours\u00a0:<\/p>\n<p>200m de d\u00e9nivel\u00e9 \/3km \u23f1 2h30\/3h de marche<\/p>\n<p>Sorties \u00e0 la demi-journ\u00e9e (3h) :<\/p>\n<p>-Le Bois de la Laye<br \/>\n-La for\u00eat du Chevril<br \/>\n-Le Villaret du Nial<br \/>\n-Les gorges de Nant-Cruet<br \/>\n-La cascade de Salin<\/p>\n<ul>\n<li>\u27a1\ufe0f\u00a0Les balades de Niveau 4 \u2013 Sportif \u2b50 \u2b50 \u2b50 \u2b50<\/li>\n<\/ul>\n<p>Vous avez d\u00e9j\u00e0 pratiqu\u00e9 plusieurs fois de la raquette et vous \u00eates sportifs ? Vous aurez plusieurs mont\u00e9es soutenues.<\/p>\n<p>Cette balade est pour vous.<\/p>\n<p>Pour vous donner une id\u00e9e du type de parcours\u00a0:<\/p>\n<p>+ de 400m de d\u00e9nivel\u00e9 \/ 5 \u00e0 7 km \u23f1 +5h de marche<\/p>\n<p>Sorties \u00e0 la journ\u00e9e (7h) :<\/p>\n<p>-Chalet d&rsquo;Orsi\u00e8re<br \/>\n-Refuge Col du Palet &#8211;\u00a0forfait remont\u00e9es m\u00e9caniques pour pi\u00e9ton en suppl\u00e9ment (16\u20ac)<\/p>\n<ul>\n<li>\u27a1\ufe0f\u00a0Les balades de Niveau 5 \u2013 Tr\u00e8s sportif \u2b50 \u2b50 \u2b50 \u2b50 \u2b50<\/li>\n<\/ul>\n<p>Les balades en raquettes n\u2019ont plus de secret pour vous\u00a0et vous \u00eates tr\u00e8s sportif ? Vous aurez beaucoup de mont\u00e9es<\/p>\n<p>soutenues. Cette balade est pour vous.<\/p>\n<p>Pour vous donner une id\u00e9e du type de parcours\u00a0:<\/p>\n<p>+ de 600m de d\u00e9nivel\u00e9 \/ + de 7 km \u23f1 +6h de marche \/porter un sac de 8 \u00e0 10 kg<\/p>\n<p>Sorties \u00e0 la journ\u00e9e (7h) :<\/p>\n<p>-R\u00e9serve de la Grande Sassi\u00e8re<br \/>\n-Le Monal par le vallon du Clou\u00a0&#8211; forfait remont\u00e9es m\u00e9caniques pour pi\u00e9ton en suppl\u00e9ment (15\u20ac)<br \/>\n-Horaires : matin\u00e9e de 9h15 \u00e0 12h15\/12h30 \/\/ apr\u00e8s-midi de 13h30 \u00e0 16h30 \/\/ journ\u00e9e de 9h15 \u00e0 16h30<\/p>\n<p>&nbsp;<\/p>\n<p>Ces itin\u00e9raires ont \u00e9t\u00e9 \u00e9tablis \u00e0 titre indicatif. Ils sont soumis \u00e0 modifications en fonction des conditions m\u00e9t\u00e9orologiques principalement (enneigement, opportunit\u00e9s, etc.).<\/p>\n<p>&nbsp;<\/p>\n<p><strong>Raquette \u00e0 neige en itin\u00e9rance<\/strong>Laissez-vous tenter par l\u2019exp\u00e9rience raquettes \u00e0 neige<\/p>\n<p>Accordez-vous une pause nature. \u00c9loignez-vous du domaine skiable et partez vous balader dans la nature en raquettes \u00e0 neige accompagn\u00e9s d&rsquo;un professionnel de la montagne.<br \/>\nNous vous proposons plusieurs sorties suivant votre niveau, vos envies, le temps dont vous disposez&#8230;<\/p>\n<p>La faune, la flore, l&rsquo;histoire locale&#8230;\u00a0D\u00e9couvrez avec nos professionnels passionn\u00e9s\u00a0le milieu dans lequel vous s\u00e9journez avec un angle nature et apaisant. \u2744<\/p>\n<p>&nbsp;<\/p>\n<p><strong>\u00a0LES ITIN\u00c9RANCES<\/strong><\/p>\n<p>Les itin\u00e9rances s\u2019adressent \u00e0 des personnes ayant d\u00e9j\u00e0 pratiqu\u00e9 la raquette \u00e0 neige \u00e0 la journ\u00e9e et capables de marcher avec un sac \u00e0 dos pour les affaires de la nuit.<\/p>\n<p>&nbsp;<\/p>\n<p>\u27a1 S\u00e9jour 2 jours\/1 nuit &#8211; Refuge du Fond des Fours<\/p>\n<p>S\u00e9jour du samedi 22 au dimanche 23 mars 2025. Autres dates sur demande<\/p>\n<p>Le refuge du Fond des Fours est un refuge du Parc national de la Vanoise situ\u00e9 sur les hauteurs de Val d&rsquo;Is\u00e8re \u00e0 2537 m d&rsquo;altitude. 3 petites cabanes en bois pour passer une agr\u00e9able soir\u00e9e au plus pr\u00e8s des \u00e9toiles. Une belle occasion de prendre le large avec l&rsquo;effervescence de la vall\u00e9e et d&rsquo;aller d\u00e9couvrir au printemps de splendides panoramas sur quelques-uns des plus hauts sommets de la Vanoise<\/p>\n<p>Cette randonn\u00e9e s&rsquo;adresse \u00e0 des marcheurs ayant d\u00e9j\u00e0 pratiqu\u00e9 la randonn\u00e9e en raquettes<\/p>\n<p>Programme :<\/p>\n<p>Jour 1 &#8211;\u00a0 Premi\u00e8re journ\u00e9e de marche pour rejoindre depuis Val d&rsquo;Is\u00e8re le refuge du Fond des Fours (Denivel\u00e9e positive : \u2197660 m ; \u23f14h30 de marche)<\/p>\n<p>Jour 2 &#8211;\u00a0Seconde journ\u00e9e vers un haut sommet de la Vanoise : en fonction des conditions, La pointe des Lor\u00e8s Sud (\u2197 D+400m ; \u2198D -1100 m ; \u23f16h30 de marche) ou Pointe de la B\u00e9zin.<\/p>\n<p>&nbsp;<\/p>\n<p>\u27a1\u00a0S\u00e9jour 4 jours\/3 nuits &#8211; Tour de la Sana<\/p>\n<p>S\u00e9jour du jeudi 10 au dimanche 13 avril 2025. Autres dates sur demande<\/p>\n<p>Situ\u00e9e entre Tignes et Val d\u02bcIs\u00e8re, au c\u0153ur du Parc national de la Vanoise, la Pointe de la Sana culmine \u00e0 3436 m d\u02bcaltitude. Au printemps, nous vous proposons d&rsquo;en le tour en raquettes en 4 jours et 3 nuits en refuge (refuges de la Leisse, de la Femma et du Fonds des Fours). Cette itin\u00e9rance nous fera traverser de vastes plateaux occup\u00e9s par d&rsquo;anciens lacs glaci\u00e8res, remonter la longue vall\u00e9e de la Femma et passer des cols \u00e0 2900 m d&rsquo;altitude.<\/p>\n<p>Cette randonn\u00e9e s&rsquo;adresse \u00e0 de bons marcheurs (journ\u00e9es de 6 \u00e0 7 heures de marche)<\/p>\n<p>Programme :<\/p>\n<p>Jour 1 &#8211;\u00a0\u00a0Premi\u00e8re journ\u00e9e de marche facile au profil descendant pour se mettre en jambe (Denivel\u00e9e n\u00e9gative : \u2198\u00a0-520 m ; \u23f13h30 de marche)<\/p>\n<p>Jour 2 &#8211;\u00a0Seconde journ\u00e9e au coeur des longues vall\u00e9es glaciaires de la Leisse et de la Rocheure (\u2197\u00a0D +300 m ; \u2198\u00a0D -450 m ; \u23f16h30 de marche)<\/p>\n<p>Jour 3\u00a0&#8211;\u00a0Travers\u00e9e d&rsquo;un haut col \u00e0 plus de 2900 m d&rsquo;altitude (\u2197 D+600m ; \u2198 D -400 m ; \u23f16h30 de marche)<\/p>\n<p>Jour 4 &#8211;\u00a0Retour vers Val d&rsquo;Is\u00e8re<\/p>\n<p>Le retour se fait vers Val d&rsquo;Is\u00e8re se fait en rejoignant directement le vallon du Manchet (D- : 600 ; 2h30 de marche)\u00a0ou en faisant une boucle par la pointe de Lor\u00e8s Sud (\u2197 D +400m ; \u2198 D -1100 m ; \u23f1 6h30 de marche).<\/p>\n<p>&nbsp;<\/p>\n<p>PROGRAMME COMPLET<\/p>\n<p>Ce programme a \u00e9t\u00e9 \u00e9tabli \u00e0 titre indicatif. Ill est soumis \u00e0 modifications en fonction des conditions m\u00e9t\u00e9orologiques principalement (enneigement, opportunit\u00e9s, etc.).<\/p>\n<p>&nbsp;<\/p>\n<p><strong>RAQUETTE NOCTURNE<\/strong><\/p>\n<p>Plongez dans un cadre exceptionnel o\u00f9 la magie des montagnes s\u2019illumine \u00e0 la tomb\u00e9e de la nuit.<\/p>\n<p>Que ce soit pour une balade gourmande ou une aventure sportive, laissez-vous transporter par l\u2019ambiance f\u00e9\u00e9rique des chalets d\u2019altitude, la lumi\u00e8re des lampes frontales et les panoramas \u00e9toil\u00e9s \u00e0 couper le souffle.<\/p>\n<p>&nbsp;<\/p>\n<p>\u2728 <strong>Soir\u00e9e Fondue au Chalet Colinn (6 \u00e0 16 pers)<\/strong>\u2728<\/p>\n<p>Niveau 1 &#8211; Facile \u2b50\u00a0(privatisation uniquement)<\/p>\n<p>\u00c0 la tomb\u00e9e de la nuit, embarquez pour une douce aventure en raquettes jusqu\u2019au\u00a0hameau authentique du Franchet (entre Tignes et Val d&rsquo;Is\u00e8re).\u00a0Nich\u00e9 dans ce cadre enchanteur, le\u00a0Chalet Colinn\u00a0vous ouvre ses portes. Myl\u00e8ne, votre h\u00f4te, vous invite \u00e0 savourer une\u00a0fondue aux trois fromages\u00a0typiques de nos montagnes.<\/p>\n<p>Pour clore cette soir\u00e9e gourmande, une balade digestive vous ram\u00e8ne dans la vall\u00e9e. Une exp\u00e9rience douce et conviviale \u00e0 partager entre amis ou en famille.<\/p>\n<p>Programme :<\/p>\n<p>17h30\u00a0: D\u00e9part en raquettes et balade<br \/>\nArriv\u00e9e au Chalet Colinn et d\u00eener gourmand<br \/>\nRetour en vall\u00e9e \u00e0 la lueur des frontales<br \/>\n\u2728 Nocturne sportive au Chalet d\u2019alpage Orsi\u00e8re (5 \u00e0 8 pers) \u2728<\/p>\n<p>Niveau 3 &#8211; Assez sportif \u2b50\u2b50\u2b50\u00a0(privatisation uniquement)<\/p>\n<p>Pour les aventuriers en qu\u00eate de d\u00e9fi et de paysages sauvages, cette sortie est faite pour vous ! Partez pour une\u00a0balade en for\u00eat\u00a0d\u2019environ\u00a01h15\u00a0\u00e0 la mont\u00e9e. \u00c0 votre arriv\u00e9e, le\u00a0Chalet Orsi\u00e8re\u00a0vous accueille dans une ambiance chaleureuse.<\/p>\n<p>Autour d\u2019un d\u00eener concoct\u00e9 avec des produits locaux, laissez la magie op\u00e9rer. Le retour se fait \u00e0 la lumi\u00e8re des frontales, avec comme toile de fond les\u00a0villages illumin\u00e9s\u00a0de la vall\u00e9e. Une soir\u00e9e sportive et immersive qui saura ravir les amateurs de nature et d\u2019authenticit\u00e9.<\/p>\n<p>Programme :<\/p>\n<p>17h30\u00a0: D\u00e9part en raquettes et mont\u00e9e en for\u00eat<br \/>\n19h00\u00a0: Arriv\u00e9e au Chalet Orsi\u00e8re et d\u00eener<br \/>\nRetour en vall\u00e9e sous les \u00e9toiles<br \/>\nUne exp\u00e9rience unique pour savourer la montagne autrement, entre convivialit\u00e9 et \u00e9merveillement.<\/p>\n<p>&nbsp;<\/p>\n<p>Ces itin\u00e9raires ont \u00e9t\u00e9 \u00e9tablis \u00e0 titre indicatif. Ils sont soumis \u00e0 modifications en fonction des conditions m\u00e9t\u00e9orologiques principalement (enneigement, opportunit\u00e9s, etc.).<\/p>\n<p>&nbsp;<\/p>\n<p>&nbsp;<\/p>\n<p><strong>CHIENS DE TRAINEAUX<\/strong><\/p>\n<p><em>Une balade en grande compagnie \u00a0\u23f1 <\/em>Dur\u00e9e total 30 minutes : 10 min de briefing + 20 min de balade<\/p>\n<p>Partagez des moments inoubliables et empreints de complicit\u00e9 avec nos chiens de tra\u00eeneau\u00a0! Partez en excursion autour et sur le lac gel\u00e9 de Tignes et vivez un v\u00e9ritable moment d\u2019aventure. Confortablement install\u00e9 dans le tra\u00eeneau, laissez-vous guider par nos adorables eskimos du Gro\u00ebnland (race des chiens) et mushers, et profitez de paysages \u00e0 couper le souffle. Immergez-vous l\u2019espace d\u2019un instant dans les conditions du grand nord et faites le plein d\u2019\u00e9motions\u00a0!<\/p>\n<p>&nbsp;<\/p>\n<p>\u27a1\ufe0f Traineau 1 \u00e0 2 personnes<\/p>\n<p>\u26a0\ufe0f Personne obligatoirement seule : personne avec un poids exceptionnel entre 110 et 130kg ou taille de plus d&rsquo;1m90 (nous contacter en cas de doute)<\/p>\n<p>\u27a1\ufe0f\u00a0Traineau 3 personnes<\/p>\n<p>\u26a0\ufe0f Maximum 2 adultes et 1 enfant de -10 ans et de &#8211; de 40kg<\/p>\n<p>\u27a1\ufe0f Traineau 4 personnes<\/p>\n<p>\u26a0\ufe0f Maximum 2 adultes et 2 enfants de -5 ans et de &#8211; de 20kg<\/p>\n<p>&nbsp;<\/p>\n<p>\u2696\u00a0\u00a0Le poids total du traineau ne doit pas d\u00e9passer 180kg, la taille et l&rsquo;\u00e2ge des participants peut aussi limiter le nombre de participants par traineau.<\/p>\n<p>&nbsp;<\/p>\n<p>&nbsp;<\/p>\n<p>Le point de RDV se situe \u00e0 la cabane au bord du lac (arr\u00eat de bus CIHM), cot\u00e9 Tignes Val Claret.<\/p>\n<p>Traineau 1-2 personnes :140\u20ac<br \/>\nTraineau 3 personnes :175\u20ac<br \/>\nTraineau 4 personnes :200\u20ac<\/p>\n<p>&nbsp;<\/p>\n<p>&nbsp;<\/p>\n<p><strong>CAMP TRAPPEUR<\/strong><\/p>\n<p><em>Embarquez pour une soir\u00e9e insolite !<\/em><\/p>\n<p>Pr\u00e9parez-vous \u00e0 passer une soir\u00e9e inoubliable \u00e0 Tignes les Boisses\u2026 Nous vous conduisons dans un endroit secret pr\u00e8s des Boisses, au milieu des bois, puis plongez instantan\u00e9ment dans l\u2019ambiance d\u2019un v\u00e9ritable camp trappeur\u00a0! D\u00e9paysement et produits locaux garanti\u00a0!<\/p>\n<p>&nbsp;<\/p>\n<p>D\u00e9roul\u00e9 de la soir\u00e9e au Camp Trappeur<\/p>\n<p>-Transfert vers le Camp Trappeur<\/p>\n<p>Nous venons vous chercher depuis ces diff\u00e9rents points de rendez-vous (en fonction de votre lieu de s\u00e9jour):<\/p>\n<p>18h30 &#8211; Tignes Val Claret &#8211;\u00a0au niveau du rond-point, \u00e0 l&rsquo;entr\u00e9e du parking de la Grande Motte<br \/>\n18h40 &#8211; Tignes Le Lac &#8211; \u00e0 la gare routi\u00e8re, au niveau de la Maison de Tignes<br \/>\n18h30\u00a0&#8211; Tignes Les Brevi\u00e8res &#8211;\u00a0devant le restaurant La Bouida, \u00e0 cot\u00e9 des t\u00e9l\u00e9cabines des Brevi\u00e8res<br \/>\n18h45\u00a0&#8211; Tignes 1800 &#8211; \u00e0 l&rsquo;arr\u00eat de bus, \u00e0 cot\u00e9 de la r\u00e9sidence Le Kalinda<br \/>\nNous vous contacterons si l&rsquo;heure ou le lieu de rendez-vous doit changer.<\/p>\n<p>Pour\u00a0 les clients s\u00e9journant \u00e0 Tignes Les Boisses, vous avez rendez-vous directement au Camp Trappeur \u00e0 19h. Apr\u00e8s la descente en luge, nous vous ram\u00e8nerons au village des Boisses.<\/p>\n<p>&nbsp;<\/p>\n<p>\u27a1\ufe0f Prenez un ap\u00e9ritif autour d&rsquo;un feu sous un ciel rempli d&rsquo;\u00e9toiles.\u00a0\u2728 Vous d\u00e9couvrirez le Camp Trappeur et vous pourrez admirer la vue sur les montagnes.<\/p>\n<p>\u27a1\ufe0f\u00a0D\u00e9gustez votre repas savoyard bien au chaud dans nos yourtes, tipis et d\u00f4me transparent.<\/p>\n<p>Inclus : fondue savoyarde, charcuterie, verre de vin, dessertet digestif (produits locaux). Merci de nous indiquer si vous avez un r\u00e9gime alimentaire particulier, des allergies ou intol\u00e9rances alimentaires.<\/p>\n<p>\u27a1\ufe0f\u00a0Partez \u00e0 l&rsquo;aventure en luge \u00e9clair\u00e9 \u00e0 la lueur de la lune.<\/p>\n<p>Vous vous \u00e9lancerez sur les pistes avec votre luge et partirez pour 30 minutes de descente encadr\u00e9e par nos moniteurs.<\/p>\n<p>4 km de fun garanti! \u00a0Parfait pour les personnes \u00e0 la recherche de nouvelles sensations!<\/p>\n<p>&nbsp;<\/p>\n<p>Toutes les bonnes choses ont une fin. Vous finissez votre descente en luge devant le restaurant La Bouida \u00e0 Tignes Les Brevi\u00e8res. Nous vous d\u00e9poserons \u00e0 votre point de d\u00e9part, aux alentours de 22h30 (sauf les clients s\u00e9jourant \u00e0 Tignes les Brevi\u00e8res).<\/p>\n<p>&nbsp;<\/p>\n<p>&nbsp;<\/p>\n<p><strong>Wild Nest<\/strong><\/p>\n<p><em>Dormir au coeur des montagnes<\/em><\/p>\n<p>Offrez-vous un moment de de\u0301connexion a\u0300 2384m d\u2019altitude, aux portes du Parc National de la Vanoise.<\/p>\n<p>Vous retrouvez le gardien du Wild Nest sur place pour un accueil chaleureux, puis chaussez les raquettes pour une randonne\u0301e nocturne, avant de diner avec vue sur la valle\u0301e de Tignes et de vous endormir dans un e\u0301crin d\u2019e\u0301toiles. Vous vous re\u0301veillez face aux majestueux sommets de la frontie\u0300re franco-italienne, puis de\u0301gustez un petit de\u0301jeuner complet avant de redescendre en station. Le temps d\u2019une soire\u0301e, vous vous abandonnez a\u0300 la haute montagne et vous vous reconnectez \u00e0 la nature de mani\u00e8re insolite.<\/p>\n<p>&nbsp;<\/p>\n<p>\u2728 D\u00e9roul\u00e9 de la soir\u00e9e au Wild Nest\u00a0\u2728<\/p>\n<p>&nbsp;<\/p>\n<p>\u27a1\ufe0f 17h &#8211; Arrive\u0301e au Wild Nest par vos propres moyens<br \/>\nPre\u0301voir une monte\u0301e en altitude de 400m de de\u0301nivele\u0301 au de\u0301part du Lac de Tignes. Vous retrouvez le Gardien du Wild Nest en bordure du domaine skiable. Pour des questions de se\u0301curite\u0301, le Gardien vous accompagne sur la traverse\u0301e du lac gele\u0301, ne\u0301cessaire pour acce\u0301der au Wild Nest.<\/p>\n<p>Vous retrouverez le Gardien : ici\u00a0 Coordonne\u0301es GPS du point de RDV : (45.4650552, 6.8859226) ]<br \/>\n\u27a1\ufe0f 19h &#8211; Randonne\u0301e nocturne en raquettes\u00a0\u2728<\/p>\n<p>Il est difficile de d\u00e9crire ce que vous allez vivre \u00e0 2384m d&rsquo;altitude. Le silence&#8230; La vue incroyable sur ces majestueuses montagnes&#8230; Et ce ciel \u00e9toil\u00e9&#8230; Accompagn\u00e9 de notre Gardien, vous randonnerez\u00a0en raquettes sur les cr\u00eates environnantes. Panorama magnifique sur le lac de Tignes en contrebas, les sommets de la fronti\u00e8re franco-italienne.<\/p>\n<p>\u27a1\ufe0f 20h &#8211; D\u00eener et soire\u0301e<br \/>\nD\u00e9gustez un di\u0302ner Savoyard avec entre\u0301e, plat et dessert. Accompagn\u00e9 de vins de Savoie (se\u0301lectionne\u0301s par le chef e\u0301toile\u0301 Jean Michel Bouvier), Ge\u0301ne\u0301pi. the\u0301, tisane et cafe\u0301 a\u0300 disposition. Ensuite, reposez vous sous les \u00e9toiles sous votre d\u00f4me. Une nuit insolite&#8230;<\/p>\n<p>\u27a1\ufe0f 8h &#8211; Petit-de\u0301jeuner servi au Wild Nest<br \/>\nProfitez de ces derniers instants et d\u00e9gustez votre petit-d\u00e9jeuner au chaud sous votre d\u00f4me. Viennoiseries, jus d&rsquo;orange presse\u0301e, boissons chaudes. the\u0301, tisane et cafe\u0301 a\u0300 disposition.<\/p>\n<p>\u27a1\ufe0f 9h &#8211; Retour station par vos propres moyens<\/p>\n<p>&nbsp;<\/p>\n<p>&nbsp;<\/p>","protected":false},"author":428,"featured_media":12045,"comment_status":"open","ping_status":"closed","template":"","meta":[],"listing_category":[164],"event_category":[],"service_category":[],"rental_category":[],"classifieds_category":[],"listing_feature":[],"region":[69],"_links":{"self":[{"href":"https:\/\/www.grintoura.fr\/en\/wp-json\/wp\/v2\/listing\/12047"}],"collection":[{"href":"https:\/\/www.grintoura.fr\/en\/wp-json\/wp\/v2\/listing"}],"about":[{"href":"https:\/\/www.grintoura.fr\/en\/wp-json\/wp\/v2\/types\/listing"}],"author":[{"embeddable":true,"href":"https:\/\/www.grintoura.fr\/en\/wp-json\/wp\/v2\/users\/428"}],"replies":[{"embeddable":true,"href":"https:\/\/www.grintoura.fr\/en\/wp-json\/wp\/v2\/comments?post=12047"}],"wp:featuredmedia":[{"embeddable":true,"href":"https:\/\/www.grintoura.fr\/en\/wp-json\/wp\/v2\/media\/12045"}],"wp:attachment":[{"href":"https:\/\/www.grintoura.fr\/en\/wp-json\/wp\/v2\/media?parent=12047"}],"wp:term":[{"taxonomy":"listing_category","embeddable":true,"href":"https:\/\/www.grintoura.fr\/en\/wp-json\/wp\/v2\/listing_category?post=12047"},{"taxonomy":"event_category","embeddable":true,"href":"https:\/\/www.grintoura.fr\/en\/wp-json\/wp\/v2\/event_category?post=12047"},{"taxonomy":"service_category","embeddable":true,"href":"https:\/\/www.grintoura.fr\/en\/wp-json\/wp\/v2\/service_category?post=12047"},{"taxonomy":"rental_category","embeddable":true,"href":"https:\/\/www.grintoura.fr\/en\/wp-json\/wp\/v2\/rental_category?post=12047"},{"taxonomy":"classifieds_category","embeddable":true,"href":"https:\/\/www.grintoura.fr\/en\/wp-json\/wp\/v2\/classifieds_category?post=12047"},{"taxonomy":"listing_feature","embeddable":true,"href":"https:\/\/www.grintoura.fr\/en\/wp-json\/wp\/v2\/listing_feature?post=12047"},{"taxonomy":"region","embeddable":true,"href":"https:\/\/www.grintoura.fr\/en\/wp-json\/wp\/v2\/region?post=12047"}],"curies":[{"name":"wp","href":"https:\/\/api.w.org\/{rel}","templated":true}]}}