	
	
	
	
{"id":12015,"date":"2024-11-27T23:05:19","date_gmt":"2024-11-27T22:05:19","guid":{"rendered":"https:\/\/www.grintoura.fr\/?post_type=listing&#038;p=12015"},"modified":"2024-11-27T23:05:19","modified_gmt":"2024-11-27T22:05:19","slug":"parc-national-de-la-vanoise","status":"publish","type":"listing","link":"https:\/\/www.grintoura.fr\/en\/hebergement\/auvergne-rhone-alpes\/sports-nature-decouverte-du-pays\/parc-national-de-la-vanoise\/","title":{"rendered":"Parc national de la Vanoise"},"content":{"rendered":"<p><strong>Parc national de la Vanoise<\/strong><\/p>\n<p><a href=\"https:\/\/www.vanoise-parcnational.fr\/fr\/parc-national-de-la-vanoise\" target=\"_blank\" rel=\"noopener\">https:\/\/www.vanoise-parcnational.fr\/fr\/parc-national-de-la-vanoise<\/a><\/p>\n<p>Parc national de la Vanoise<br \/>\n135 rue du Dr Julliand<br \/>\n73000 CHAMBERY<\/p>\n<p>T\u00e9l\u00e9phone : +33 (0)4 79 62 30 54<\/p>\n<p>&nbsp;<\/p>\n<p>Situ\u00e9 en Savoie, entre les hautes vall\u00e9es de la Maurienne et de la Tarentaise,\u00a0le Parc national de la Vanoise est le premier parc national fran\u00e7ais\u00a0cr\u00e9\u00e9 en 1963.<br \/>\nC\u2019est suite \u00e0 la disparition progressive du bouquetin dans le massif de la Vanoise qu\u2019il voit le jour. Suivant l\u2019exemple\u00a0des voisins italiens qui ont cr\u00e9\u00e9 le Parco nazionale Gran paradiso, les associations comme le Club Alpin Fran\u00e7ais, le Touring club\u00a0de France et les chasseurs se mobilisent d\u00e8s 1936.<\/p>\n<p>En 1972, le jumelage du Parc national de la Vanoise avec le Parc national Gran Paradiso, forme un espace prot\u00e9g\u00e9\u00a0de 1 250 km2, un des plus importants des Alpes occidentales !<\/p>\n<p>En 2006, une nouvelle loi red\u00e9finit les zonages du Parc qui devient\u00a0le c\u0153ur et l\u2019aire d\u2019adh\u00e9sion avec l\u2019appui d\u2019une charte impliquant les acteurs locaux.<\/p>\n<p>Cr\u00e9\u00e9 pour prot\u00e9ger la nature, le Parc a aujourd\u2019hui pour mission principale de sauvegarder ses paysages, la diversit\u00e9 de ses esp\u00e8ces v\u00e9g\u00e9tales et animales ainsi que son patrimoine culturel.<\/p>\n<p>C\u2019est \u00e0 travers l\u2019accueil et la sensibilisation du public que son r\u00f4le prend forme, lors par exemple de sorties ou d\u2019animations propos\u00e9es par les gardes-moniteurs du Parc.<\/p>\n<p>Il participe \u00e9galement aux c\u00f4t\u00e9s des collectivit\u00e9s locales au d\u00e9veloppement \u00e9conomique du territoire.<\/p>\n<p>&nbsp;<\/p>\n<p><u>La r\u00e9glementation du c\u0153ur<\/u><\/p>\n<ul>\n<li>Une des missions des parcs nationaux consiste \u00e0 accueillir et sensibiliser \u00e0 l&rsquo;environnement le public. Le Parc national de la Vanoise est un espace ouvert \u00e0 tous; mais pour pr\u00e9server ses richesses, acteurs locaux et visiteurs se doivent de respecter quelques r\u00e8gles.<br \/>\nLe c\u0153ur\u00a0du Parc national de la Vanoise est un espace ouvert, en acc\u00e8s libre.\u00a0Il n&rsquo;est pas un parc d&rsquo;attraction cl\u00f4tur\u00e9, avec des droits d&rsquo;acc\u00e8s payants et des heures d&rsquo;ouverture.\u00a0Il n&rsquo;est pas non plus un espace de consommation : les visiteurs et les habitants se doivent de le respecter et de ne pas laisser de trace de leur passage.<\/li>\n<\/ul>\n<p>Pour que le partage de l\u2019espace soit le plus harmonieux possible, chacun doit adopter un comportement respectueux des hommes et de la nature.<\/p>\n<p>&nbsp;<\/p>\n<ul>\n<li>Une\u00a0r\u00e9glementation sp\u00e9cifique\u00a0s&rsquo;applique dans le c\u0153ur du Parc national. En respectant ces r\u00e8gles de bonne conduite, vous participerez vous aussi \u00e0 la pr\u00e9servation des patrimoines qui font que ce territoire a \u00e9t\u00e9 class\u00e9 Parc national.<\/li>\n<li>Le c\u0153ur est mat\u00e9rialis\u00e9 par des\u00a0panneaux situ\u00e9s le long des principaux sentiers et par des balises color\u00e9es en bleu blanc et rouge.\u00a0Pour savoir o\u00f9 se trouve le\u00a0c\u0153ur du Parc national, c&rsquo;est tr\u00e8s simple : c\u00f4t\u00e9 bleu vous \u00eates dedans, c\u00f4t\u00e9 rouge vous \u00eates en dehors.Sur les cartes IGN, la limite de la zone du c\u0153ur du Parc national\u00a0est indiqu\u00e9e\u00a0par une large bande verte continue. Sur un chemin qui longe la limite du c\u0153ur du Parc national, vous \u00eates consid\u00e9r\u00e9 comme \u00e9tant en dehors du c\u0153ur.<\/li>\n<\/ul>\n<p>&nbsp;<\/p>\n<p>&nbsp;<\/p>\n<p>Dans le Parc national de la Vanoise, vous pouvez marcher, courir, fl\u00e2ner, observer, \u00e9couter, sentir, toucher&#8230; Cependant, pour pr\u00e9server les richesses du parc, vous devez respecter quelques r\u00e8gles, \u00e0 retrouver \u00e9galement sous forme humoristique :\u00a0La r\u00e9glementation en un clin d&rsquo;\u0153il<\/p>\n<p><strong>Ne pas amener de chien, m\u00eame en laisse<\/strong><br \/>\nM\u00eame petits, gentils, bien dress\u00e9s, les chiens sont interdits dans le c\u0153ur du Parc national* o\u00f9 leur pr\u00e9sence risque de perturber l&rsquo;\u00e9cosyst\u00e8me : destruction de couv\u00e9es, transmission de germes&#8230;<\/p>\n<p>* \u00e0 l&rsquo;exception des chiens de garde des troupeaux et ceux qui accompagnent les personnes handicap\u00e9es<\/p>\n<p>&nbsp;<\/p>\n<p><strong>Ne pas cueillir ou pr\u00e9lever de fleurs, de fruits, d&rsquo;insectes ou de min\u00e9raux<\/strong><br \/>\nDes milliers de pr\u00e9l\u00e8vements alt\u00e9reraient l&rsquo;\u00e9quilibre naturel local.\u00a0M\u00eame si les vaches et les moutons mangent des fleurs, ils n&rsquo;ont pas le m\u00eame impact compar\u00e9 \u00e0 l&rsquo;action du grand nombre de visiteurs. Plantes, insectes ou min\u00e9raux font partie du paysage&#8230; Il faut les respecter.<\/p>\n<p>&nbsp;<\/p>\n<p><strong>Remporter tous vos d\u00e9tritus<\/strong><br \/>\nLa nature est fragile et il ne faut pas polluer le milieu naturel. Dans les refuges, pensez \u00e9galement \u00e0 redescendre vos d\u00e9chets dans la vall\u00e9e. Le refuge ne peut g\u00e9rer des tonnes de d\u00e9chets (ces derniers sont h\u00e9liport\u00e9s et sont un co\u00fbt suppl\u00e9mentaire pour le gardien et \u00e9galement pour la plan\u00e8te). N&rsquo;oubliez pas le tri s\u00e9lectif en vous d\u00e9barrassant de vos d\u00e9chets dans la vall\u00e9e. Retrouvez nos conseils pour un pique-nique z\u00e9ro d\u00e9chet.<\/p>\n<p>&nbsp;<\/p>\n<p><strong>Ne pas troubler la tranquillit\u00e9 des lieux<\/strong><br \/>\nNe pas d\u00e9ranger la faune par des bruits, cris ou appareils sonores. Tout simplement, pour la qui\u00e9tude de la faune mais \u00e9galement des autres randonneurs !<\/p>\n<p>&nbsp;<\/p>\n<p><strong>Ne pas camper ou bivouaquer SAUF \u00e0 proximit\u00e9 de certains refuges<\/strong><br \/>\nL&rsquo;installation intensive de tentes finit par cr\u00e9er de l&rsquo;\u00e9rosion et peut poser des probl\u00e8mes d&rsquo;abandon de d\u00e9chets ou de feux non ma\u00eetris\u00e9s. Le r\u00e9seau de refuges couvre l\u2019ensemble des itin\u00e9raires de randonn\u00e9es dans le c\u0153ur du Parc et leurs gardiens sont heureux de vous y accueillir !<\/p>\n<p>Vous souhaitez faire une itin\u00e9rance en bivouac ? Programmez votre s\u00e9jour en pr\u00e9voyant des nuit\u00e9es \u00e0 proximit\u00e9 imm\u00e9diate des refuges aupr\u00e8s desquels il est possible de bivouaquer. La r\u00e9servation est imp\u00e9rative aupr\u00e8s du gardien, attention le nombre de place est limit\u00e9 pour chaque refuge.<br \/>\n&nbsp;<\/p>\n<p>&nbsp;<\/p>","protected":false},"author":426,"featured_media":12013,"comment_status":"open","ping_status":"closed","template":"","meta":[],"listing_category":[164],"event_category":[],"service_category":[],"rental_category":[],"classifieds_category":[],"listing_feature":[],"region":[69],"_links":{"self":[{"href":"https:\/\/www.grintoura.fr\/en\/wp-json\/wp\/v2\/listing\/12015"}],"collection":[{"href":"https:\/\/www.grintoura.fr\/en\/wp-json\/wp\/v2\/listing"}],"about":[{"href":"https:\/\/www.grintoura.fr\/en\/wp-json\/wp\/v2\/types\/listing"}],"author":[{"embeddable":true,"href":"https:\/\/www.grintoura.fr\/en\/wp-json\/wp\/v2\/users\/426"}],"replies":[{"embeddable":true,"href":"https:\/\/www.grintoura.fr\/en\/wp-json\/wp\/v2\/comments?post=12015"}],"wp:featuredmedia":[{"embeddable":true,"href":"https:\/\/www.grintoura.fr\/en\/wp-json\/wp\/v2\/media\/12013"}],"wp:attachment":[{"href":"https:\/\/www.grintoura.fr\/en\/wp-json\/wp\/v2\/media?parent=12015"}],"wp:term":[{"taxonomy":"listing_category","embeddable":true,"href":"https:\/\/www.grintoura.fr\/en\/wp-json\/wp\/v2\/listing_category?post=12015"},{"taxonomy":"event_category","embeddable":true,"href":"https:\/\/www.grintoura.fr\/en\/wp-json\/wp\/v2\/event_category?post=12015"},{"taxonomy":"service_category","embeddable":true,"href":"https:\/\/www.grintoura.fr\/en\/wp-json\/wp\/v2\/service_category?post=12015"},{"taxonomy":"rental_category","embeddable":true,"href":"https:\/\/www.grintoura.fr\/en\/wp-json\/wp\/v2\/rental_category?post=12015"},{"taxonomy":"classifieds_category","embeddable":true,"href":"https:\/\/www.grintoura.fr\/en\/wp-json\/wp\/v2\/classifieds_category?post=12015"},{"taxonomy":"listing_feature","embeddable":true,"href":"https:\/\/www.grintoura.fr\/en\/wp-json\/wp\/v2\/listing_feature?post=12015"},{"taxonomy":"region","embeddable":true,"href":"https:\/\/www.grintoura.fr\/en\/wp-json\/wp\/v2\/region?post=12015"}],"curies":[{"name":"wp","href":"https:\/\/api.w.org\/{rel}","templated":true}]}}