	
	
	
	
{"id":11218,"date":"2024-08-26T22:30:12","date_gmt":"2024-08-26T20:30:12","guid":{"rendered":"https:\/\/www.grintoura.fr\/?post_type=listing&#038;p=11218"},"modified":"2024-08-27T09:40:58","modified_gmt":"2024-08-27T07:40:58","slug":"les-allees-de-bellecour-6938212389422","status":"publish","type":"listing","link":"https:\/\/www.grintoura.fr\/en\/hebergement\/auvergne-rhone-alpes\/hebergements\/les-allees-de-bellecour-6938212389422\/","title":{"rendered":"Les All\u00e9es de Bellecour 6938212389422"},"content":{"rendered":"<p>Cr\u00e9\u00e9e en 2011, notre chambre d&rsquo;h\u00f4tes offre \u00e0 nos clients un confortable h\u00e9bergement ind\u00e9pendant de 25m2, dans un style de caract\u00e8re et des volumes purement lyonnais (4m de hauteur sous plafond, plafond \u00e0 la fran\u00e7aise et pierres apparentes): 1\u00b0\u00e9tage avec ascenseur, Wifi, TV, chambre en duplex avec lit 140 et dressing, salon, coin repas, salle d&rsquo;eau avec lavabo -douche italienne et wc.<\/p>\n<p>Id\u00e9alement situ\u00e9s au coeur de la presqu&rsquo;\u00eele lyonnaise, nous vous accueillons pour des s\u00e9jours de courte dur\u00e9e allant de 3 \u00e0 6 nuits (tarif pr\u00e9f\u00e9rentiel \u00e0 partir de 3 nuits cons\u00e9cutives) mais n&rsquo;h\u00e9sitez pas \u00e0 nous contacter pour des p\u00e9riodes plus courtes ou plus longues ainsi que pour des venues r\u00e9guli\u00e8res sur la ville (planning r\u00e9servable \u00e0 l&rsquo;ann\u00e9e pour vos d\u00e9placements professionnels).<\/p>\n<p>R\u00e8glements possibles par virements, ch\u00e8ques ou CB (via Sumup)+facture.<\/p>\n<p>Logement tr\u00e8s accessible: Gares Perrache \u00e0 10&prime; ou Part Dieu \u00e0 15&prime;- A\u00e9roport \u00e0 30&prime;-Bus,tram,m\u00e9tro \u00e0 2&prime; &#8211; Station V\u00e9lib \u00e0 1&prime; &#8211; Parking gard\u00e9 \u00e0 3&prime; sur r\u00e9servation.<\/p>\n<p>Situ\u00e9 au c\u0153ur d&rsquo;un quartier d&rsquo;affaires aussi bien que touristique, proche de tous les commerces de proximit\u00e9, de nombreux restaurants ou lieux culturels, notre Bed&amp;Breakfast de caract\u00e8re demeure n\u00e9anmoins tr\u00e8s calme.<\/p>\n<p>Les petits d\u00e9jeuners complets\u00a0 ainsi que les linges de lit, de toilette et taxe de s\u00e9jour sont compris dans les tarifs de la nuit\u00e9e.<\/p>\n<p>Sur commande pr\u00e9alable, possibilit\u00e9 de repas pour le soir de votre arriv\u00e9e ou durant votre s\u00e9jour (menu complet-30\u20ac\/pers ou plat unique-15\u20ac\/pers).<\/p>\n<p>Nous acceptons les chiens avec grand plaisir s&rsquo;ils sont bien \u00e9lev\u00e9s et calmes en l\u2019absence de leurs ma\u00eetres. La pension comporte g\u00eete et couvert (10\u20ac\/jour\/animal). Les repas fournis par la soci\u00e9t\u00e9 TOBBIE, sont du type \u00ab\u00a0ration m\u00e9nag\u00e8re\u00a0\u00bb et les recettes contr\u00f4l\u00e9es par le p\u00f4le nutrition de l&rsquo;Ecole V\u00e9t\u00e9rinaire de Lyon.<\/p>\n<p>Nos clients ont \u00e9galement la chance de trouver dans l&rsquo;immeuble une salle de 35m2, \u00e0 r\u00e9server en amont (180\u20ac\/jour) pour leurs s\u00e9minaires, r\u00e9unions ou petites conf\u00e9rences.<\/p>\n<p>Possibilit\u00e9 de petits d\u00e9jeuners ou buffets froids pour les groupes (tarifs sur devis).<\/p>\n<p>&nbsp;<\/p>\n<p>Apr\u00e8s 30 ans d&rsquo;une carri\u00e8re d&rsquo;infirmi\u00e8re, j&rsquo;ai ouvert ce Bed&amp;Breakfast en 2011 ainsi qu&rsquo;une salle de conf\u00e9rences\/s\u00e9minaires r\u00e9servable \u00e0 la m\u00eame adresse. J&rsquo;ai toujours fait en sorte que cet h\u00e9bergement tr\u00e8s bien situ\u00e9 soit parfait pour vos d\u00e9placements professionnels et me tiens \u00e0 votre disposition pour rendre vos s\u00e9jours confortables et pratiques.<\/p>\n<p>N\u00e9e dans l&rsquo;immeuble, il me plait de pr\u00e9senter notre quartier et l&rsquo;histoire des murs de cette maison \u00e0 nos voyageurs touristiques. A ceux de nos h\u00f4tes qui le souhaitent, je peux compl\u00e9ter les renseignements fournis par l&rsquo;Office du Tourisme en leur proposant les conseils personnels d&rsquo;une lyonnaise, pour parfaire leur s\u00e9jour et leur donner envie de revenir dans notre belle ville.<\/p>\n<p>Pour vous qui voyagez avec votre chien, ce dernier est le bienvenu\u00a0! \u00ab\u00a0Tobbie nourrit vos chiens\u00a0\u00bb lui proposera des \u00ab\u00a0rations m\u00e9nag\u00e8res\u00a0\u00bb de grande qualit\u00e9 contr\u00f4l\u00e9es par l&rsquo;\u00e9cole v\u00e9t\u00e9rinaire de Lyon (p\u00f4le nutrition).<\/p>\n<p>En parall\u00e8le de ces deux activit\u00e9s de location, je suis g\u00e9rante d&rsquo;une entreprise de restauration et distribue mes productions principalement sur la r\u00e9gion mais aussi sur toute la France.<\/p>\n<p>Je serai heureuse de vous les faire d\u00e9couvrir si vous le souhaitez !<\/p>\n<p>Le quartier de Bellecour est le centre de toutes les activit\u00e9s commerciales, professionnelles, gastronomiques, culturelles ou touristiques. Vous y trouvez toutes les principales lignes de transport en commun desservant l&rsquo;agglom\u00e9ration et la M\u00e9tropole. D&rsquo;une mani\u00e8re plus g\u00e9n\u00e9rale, la presqu&rsquo;\u00eele lyonnaise est LE c\u0153ur qui fait battre la ville toute enti\u00e8re ainsi que sa r\u00e9gion. Et au c\u0153ur de notre presqu&rsquo;\u00eele, la place Bellecour est le lieu incontournable de notre cit\u00e9, \u00e0 deux minutes \u00e0 pieds de notre Bed&amp;Breakfast \u00ab\u00a0Les All\u00e9es de Bellecour\u00a0\u00bb!<\/p>\n<p>&nbsp;<\/p>","protected":false},"author":360,"featured_media":11207,"comment_status":"open","ping_status":"closed","template":"","meta":[],"listing_category":[163],"event_category":[],"service_category":[],"rental_category":[],"classifieds_category":[],"listing_feature":[27,194,193,203,207,189,196,188,187,209,210,138,181,191,215,177,186,204,154,79,129,201,231,199,119,120,137],"region":[69],"_links":{"self":[{"href":"https:\/\/www.grintoura.fr\/en\/wp-json\/wp\/v2\/listing\/11218"}],"collection":[{"href":"https:\/\/www.grintoura.fr\/en\/wp-json\/wp\/v2\/listing"}],"about":[{"href":"https:\/\/www.grintoura.fr\/en\/wp-json\/wp\/v2\/types\/listing"}],"author":[{"embeddable":true,"href":"https:\/\/www.grintoura.fr\/en\/wp-json\/wp\/v2\/users\/360"}],"replies":[{"embeddable":true,"href":"https:\/\/www.grintoura.fr\/en\/wp-json\/wp\/v2\/comments?post=11218"}],"wp:featuredmedia":[{"embeddable":true,"href":"https:\/\/www.grintoura.fr\/en\/wp-json\/wp\/v2\/media\/11207"}],"wp:attachment":[{"href":"https:\/\/www.grintoura.fr\/en\/wp-json\/wp\/v2\/media?parent=11218"}],"wp:term":[{"taxonomy":"listing_category","embeddable":true,"href":"https:\/\/www.grintoura.fr\/en\/wp-json\/wp\/v2\/listing_category?post=11218"},{"taxonomy":"event_category","embeddable":true,"href":"https:\/\/www.grintoura.fr\/en\/wp-json\/wp\/v2\/event_category?post=11218"},{"taxonomy":"service_category","embeddable":true,"href":"https:\/\/www.grintoura.fr\/en\/wp-json\/wp\/v2\/service_category?post=11218"},{"taxonomy":"rental_category","embeddable":true,"href":"https:\/\/www.grintoura.fr\/en\/wp-json\/wp\/v2\/rental_category?post=11218"},{"taxonomy":"classifieds_category","embeddable":true,"href":"https:\/\/www.grintoura.fr\/en\/wp-json\/wp\/v2\/classifieds_category?post=11218"},{"taxonomy":"listing_feature","embeddable":true,"href":"https:\/\/www.grintoura.fr\/en\/wp-json\/wp\/v2\/listing_feature?post=11218"},{"taxonomy":"region","embeddable":true,"href":"https:\/\/www.grintoura.fr\/en\/wp-json\/wp\/v2\/region?post=11218"}],"curies":[{"name":"wp","href":"https:\/\/api.w.org\/{rel}","templated":true}]}}