	
	
	
	
{"id":11189,"date":"2024-08-23T23:01:36","date_gmt":"2024-08-23T21:01:36","guid":{"rendered":"https:\/\/www.grintoura.fr\/?post_type=listing&#038;p=11189"},"modified":"2024-08-23T23:01:36","modified_gmt":"2024-08-23T21:01:36","slug":"parc-naturel-regional-du-vercors","status":"publish","type":"listing","link":"https:\/\/www.grintoura.fr\/en\/hebergement\/auvergne-rhone-alpes\/sports-nature-decouverte-du-pays\/parc-naturel-regional-du-vercors\/","title":{"rendered":"Parc naturel r\u00e9gional du Vercors"},"content":{"rendered":"<p><strong>Le Parc Naturel R\u00e9gional du Vercors<\/strong><\/p>\n<p><a href=\"https:\/\/www.parc-du-vercors.fr\" target=\"_blank\" rel=\"noopener\">https:\/\/www.parc-du-vercors.fr<\/a><\/p>\n<p>FB \u00a0<a href=\"https:\/\/www.facebook.com\/ParcduVercors\" target=\"_blank\" rel=\"noopener\">https:\/\/www.facebook.com\/ParcduVercors<\/a><\/p>\n<p>&nbsp;<\/p>\n<p><strong>Un territoire riche et diversifi\u00e9 en faune et en flore<\/strong><\/p>\n<p>Dans les plaines et sur les premi\u00e8res pentes du massif, le ch\u00eane pubescent compose les milieux bois\u00e9s. Avec l&rsquo;altitude, les peuplements forestiers \u00e9voluent. On peut parcourir les h\u00eatraies-sapini\u00e8res, typiques de l&rsquo;\u00e9tage montagnard, ou encore la pin\u00e8de de pins \u00e0 crochets, plus caract\u00e9ristique de l&rsquo;\u00e9tage subalpin.<\/p>\n<p>Cultures, prairies ou alpages de montagnes, les milieux ouverts sont tr\u00e8s diversifi\u00e9s. On y trouve aussi bien des champs de lavande que des prairies de fauches, des ongul\u00e9s sauvages et des esp\u00e8ces domestiques.<\/p>\n<p>Les milieux rocheux sont omnipr\u00e9sents dans un massif calcaire comme le Vercors. Lapiaz, \u00e9boulis, falaises, grottes et r\u00e9seaux karstiques sont la marque de fabrique des paysages d&rsquo;ici.<\/p>\n<p>Si l&rsquo;eau est un \u00e9l\u00e9ment rare \u00e0 la surface du Vercors, les milieux humides ont d&rsquo;autant plus d&rsquo;importance. On rencontre par exemple des zones humides, des rivi\u00e8res, des mares, des tourbi\u00e8res, de vastes r\u00e9seaux de rivi\u00e8res souterraines &#8230;4 pr\u00e9sentes en France&#8230;<\/p>\n<p>Le Parc du Vercors abrite \u00e9galement des espaces pr\u00e9serv\u00e9s comme la R\u00e9serve naturelle des Hauts-Plateaux du Vercors ; des Espaces Naturels Sensibles (ENS) et des sites Natura 2000<\/p>\n<p>&nbsp;<\/p>\n<p>Le Vercors rec\u00e8le\u00a0une grande vari\u00e9t\u00e9 d\u2019\u00e9cosyst\u00e8mes, conditions favorables au d\u00e9veloppement et au maintien d\u2019une belle biodiversit\u00e9\u00a0: faune de \u00ab\u00a0haute\u00a0\u00bb montagne\u00a0(campagnol des neiges, venturon montagnard\u2026)\u00a0et des falaises\u00a0(tichodrome \u00e9chelette, bouquetin, vautours&#8230;)\u00a0;\u00a0esp\u00e8ces d\u2019affinit\u00e9s m\u00e9ridionales\u00a0(cigale, perdrix rouge\u2026) et\u00a0des esp\u00e8ces \u00ab\u00a0reliques\u00a0 glaciaires\u00a0\u00bb\u00a0(li\u00e8vre variable, t\u00e9tras-lyre, lagop\u00e8de alpin, chev\u00eachette d\u2019Europe\u2026).<\/p>\n<p>Le massif accueille des esp\u00e8ces animales d\u2019une exceptionnelle diversit\u00e9 dont la r\u00e9partition \u00e0 l\u2019\u00e9chelle de l\u2019Europe est souvent r\u00e9duite et dont beaucoup sont prot\u00e9g\u00e9es.\u00a072 esp\u00e8ces de mammif\u00e8res\u00a0dont 29 esp\u00e8ces de chauves-souris (parmi les 36 r\u00e9pertori\u00e9es en France),\u00a0les 6 ongul\u00e9s sauvages\u00a0(cerf, mouflon, chamois, sanglier, chevreuil, bouquetin), belettes, \u00e9cureuils, marmottes, loups, renards, lynx\u2026\u00a0140 esp\u00e8ces d\u2019oiseaux nicheurs\u00a0dont l\u2019aigle royal, le grand duc d\u2019Europe et le t\u00e9tras-lyre, embl\u00e8me du Parc\u2026 et les 4 esp\u00e8ces de vautours. Le Vercors abrite \u00e9galement\u00a025 esp\u00e8ces de reptiles et amphibiens.<\/p>\n<p>Les esp\u00e8ces v\u00e9g\u00e9tales sont tout autant diversifi\u00e9es.\u00a0La flore alpine c\u00f4toie la lavande et les prairies s\u00e8ches \u00e0 orchid\u00e9es, pr\u00e9sentes en grand nombre sur le massif. Sur une m\u00eame pente dans le Diois, on peut rencontrer l\u2019edelweiss, symbole de la \u00ab\u00a0haute\u00a0\u00bb montagne, et le thym, typiquement m\u00e9diterran\u00e9en. En tout,\u00a01800 esp\u00e8ces v\u00e9g\u00e9tales\u00a0dont 85 esp\u00e8ces prot\u00e9g\u00e9es (le sabot-de-V\u00e9nus, la primev\u00e8re \u00ab oreille d\u2019ours \u00bb, la tulipe sauvage&#8230;),\u00a079 esp\u00e8ces d\u2019orchid\u00e9es (dont\u00a0l\u2019orchis de Spitzel ou la racine de corail), la tulipe sauvage, pulsatille de Haller, doradille \u00e9l\u00e9gante, lycopode, ancolie, lys martagon&#8230;<\/p>\n<p>Certaines esp\u00e8ces sont l\u00e0 depuis \u00ab\u00a0toujours\u00a0\u00bb, d\u2019autres sont apparues ou r\u00e9apparues spontan\u00e9ment apr\u00e8s une disparition plus ou moins longue.\u00a0Le Parc naturel r\u00e9gional en a r\u00e9introduit d\u2019autres qui font l\u2019objet de veille et de suivi scientifique.<\/p>\n<p>&nbsp;<\/p>","protected":false},"author":358,"featured_media":11157,"comment_status":"open","ping_status":"closed","template":"","meta":[],"listing_category":[164],"event_category":[],"service_category":[],"rental_category":[],"classifieds_category":[],"listing_feature":[],"region":[69],"_links":{"self":[{"href":"https:\/\/www.grintoura.fr\/en\/wp-json\/wp\/v2\/listing\/11189"}],"collection":[{"href":"https:\/\/www.grintoura.fr\/en\/wp-json\/wp\/v2\/listing"}],"about":[{"href":"https:\/\/www.grintoura.fr\/en\/wp-json\/wp\/v2\/types\/listing"}],"author":[{"embeddable":true,"href":"https:\/\/www.grintoura.fr\/en\/wp-json\/wp\/v2\/users\/358"}],"replies":[{"embeddable":true,"href":"https:\/\/www.grintoura.fr\/en\/wp-json\/wp\/v2\/comments?post=11189"}],"wp:featuredmedia":[{"embeddable":true,"href":"https:\/\/www.grintoura.fr\/en\/wp-json\/wp\/v2\/media\/11157"}],"wp:attachment":[{"href":"https:\/\/www.grintoura.fr\/en\/wp-json\/wp\/v2\/media?parent=11189"}],"wp:term":[{"taxonomy":"listing_category","embeddable":true,"href":"https:\/\/www.grintoura.fr\/en\/wp-json\/wp\/v2\/listing_category?post=11189"},{"taxonomy":"event_category","embeddable":true,"href":"https:\/\/www.grintoura.fr\/en\/wp-json\/wp\/v2\/event_category?post=11189"},{"taxonomy":"service_category","embeddable":true,"href":"https:\/\/www.grintoura.fr\/en\/wp-json\/wp\/v2\/service_category?post=11189"},{"taxonomy":"rental_category","embeddable":true,"href":"https:\/\/www.grintoura.fr\/en\/wp-json\/wp\/v2\/rental_category?post=11189"},{"taxonomy":"classifieds_category","embeddable":true,"href":"https:\/\/www.grintoura.fr\/en\/wp-json\/wp\/v2\/classifieds_category?post=11189"},{"taxonomy":"listing_feature","embeddable":true,"href":"https:\/\/www.grintoura.fr\/en\/wp-json\/wp\/v2\/listing_feature?post=11189"},{"taxonomy":"region","embeddable":true,"href":"https:\/\/www.grintoura.fr\/en\/wp-json\/wp\/v2\/region?post=11189"}],"curies":[{"name":"wp","href":"https:\/\/api.w.org\/{rel}","templated":true}]}}